{"version":"1.0","provider_name":"\u00c9vi m\u0171helye","provider_url":"https:\/\/bardoczeva.cafeblog.hu","author_name":"Hossz\u00fa-Bard\u00f3cz \u00c9va","author_url":"https:\/\/bardoczeva.cafeblog.hu\/author\/byme-bardocz-eva\/","title":"Dob d\u00edsz tutorial","html":"<img class=\"size-medium wp-image-2168 alignleft\" alt=\"IMG_1827\" src=\"https:\/\/bardoczeva.cafeblog.hu\/files\/2013\/09\/IMG_1827-199x300.jpg\" width=\"199\" height=\"300\" \/>A m\u00faltkor elk\u00e9sz\u00edtettem a dob forma kar\u00e1csonyfad\u00edsz els\u0151 p\u00e9ld\u00e1ny\u00e1t \u00e9s akkor r\u00e1j\u00f6ttem, hogy egy v\u00e9gtelens\u00e9gig vari\u00e1lhat\u00f3 darabr\u00f3l van sz\u00f3, ez\u00e9rt hasznos lenne egy alap elk\u00e9sz\u00edt\u00e9si \u00fatmutat\u00f3, amit azt\u00e1n mindenki saj\u00e1t sz\u00e1ja \u00edze szerint v\u00e1ltoztathat, az otthon lev\u0151 anyagok t\u00fckr\u00e9ben.\r\n\r\nNos, <strong>ami mindenk\u00e9ppen kell:<\/strong>\u00a0az egy alap, henger forma, ami vagy k\u00e9szen van, pap\u00edrt\u00f6rl\u0151, wc pap\u00edr vagy ragaszt\u00f3szalag henger, ezek hi\u00e1ny\u00e1ban k\u00e9sz\u00edteni kell egyet, az sem nagyon bonyolult.\r\n\r\nEzen k\u00edv\u00fcl biztosan kelleni fog mindenf\u00e9le karton, v\u00e9kony zsin\u00f3r, szalag, fogpiszk\u00e1l\u00f3, \u00fcveggy\u00f6ngy. A technikai r\u00e9szekhez ragaszt\u00f3, j\u00f3, ha van ragaszt\u00f3pisztoly, de an\u00e9lk\u00fcl is megy, illetve \u00e9n celluxot is haszn\u00e1ltam.\r\n\r\nAzt\u00e1n az \u00f6ssze\u00e1ll\u00edt\u00e1shoz szerel\u0151karik\u00e1k, de ez is megoldhat\u00f3 m\u00e1shogyan.\r\n\r\n&nbsp;\r\n\r\n<a href=\"https:\/\/bardoczeva.cafeblog.hu\/files\/2013\/09\/IMG_1811.jpg\"><img class=\"alignnone size-medium wp-image-2153\" alt=\"IMG_1811\" src=\"https:\/\/bardoczeva.cafeblog.hu\/files\/2013\/09\/IMG_1811-199x300.jpg\" width=\"199\" height=\"300\" \/><\/a> <a href=\"https:\/\/bardoczeva.cafeblog.hu\/files\/2013\/09\/IMG_1812.jpg\"><img class=\"alignnone size-medium wp-image-2154\" alt=\"IMG_1812\" src=\"https:\/\/bardoczeva.cafeblog.hu\/files\/2013\/09\/IMG_1812-199x300.jpg\" width=\"199\" height=\"300\" \/><\/a>\r\n\r\nHa megvan az alap, akkor veszek egy kartont, aminek az\u00e9rt van el\u00e9g tart\u00e1sa, \u00e9s abb\u00f3l k\u00e9sz\u00edtem el az alap \u00e9s fed\u0151lapot, az al\u00e1bb l\u00e1that\u00f3 m\u00f3don:\r\n\r\nA kartonon k\u00f6rberajzoltam a hengert, egy f\u00e9l centis r\u00e1hagy\u00e1ssal kiv\u00e1gtam, \u00e9s bevagdostam, hogy ut\u00e1na k\u00f6nnyen a hengerre hajthassam \u00e9s ragaszthassam. \u00a0El\u0151tte c\u00e9lszer\u0171 egy t\u0171vel vagy rotring (beh\u00fazott hegy) ceruz\u00e1val k\u00f6rbe karcolni a k\u00f6rt, jobb \u00edgy b\u00e1nni vele. A leragasztott f\u00fclecsk\u00e9kre az\u00e9rt van sz\u00fcks\u00e9g, hogy fixebb legyen a dolog. A biztons\u00e1g kedv\u00e9\u00e9rt \u00e9n m\u00e9g celluxszal is k\u00f6rberagasztottam, \u00edgy m\u00e1r tutira tartani fog.\r\n\r\n<a href=\"https:\/\/bardoczeva.cafeblog.hu\/files\/2013\/09\/IMG_1813.jpg\"><img class=\"alignnone size-medium wp-image-2155\" alt=\"IMG_1813\" src=\"https:\/\/bardoczeva.cafeblog.hu\/files\/2013\/09\/IMG_1813-199x300.jpg\" width=\"199\" height=\"300\" \/><\/a> <a href=\"https:\/\/bardoczeva.cafeblog.hu\/files\/2013\/09\/IMG_1815.jpg\"><img class=\"alignnone size-medium wp-image-2156\" alt=\"IMG_1815\" src=\"https:\/\/bardoczeva.cafeblog.hu\/files\/2013\/09\/IMG_1815-199x300.jpg\" width=\"199\" height=\"300\" \/><\/a> <a href=\"https:\/\/bardoczeva.cafeblog.hu\/files\/2013\/09\/IMG_1816.jpg\"><img class=\"alignnone size-medium wp-image-2157\" alt=\"IMG_1816\" src=\"https:\/\/bardoczeva.cafeblog.hu\/files\/2013\/09\/IMG_1816-199x300.jpg\" width=\"199\" height=\"300\" \/><\/a>\u00a0<a href=\"https:\/\/bardoczeva.cafeblog.hu\/files\/2013\/09\/IMG_1817.jpg\"><img class=\"alignnone size-medium wp-image-2158\" alt=\"IMG_1817\" src=\"https:\/\/bardoczeva.cafeblog.hu\/files\/2013\/09\/IMG_1817-199x300.jpg\" width=\"199\" height=\"300\" \/><\/a>\r\n\r\nAmikor k\u00e9szen van az alap, a d\u00edsz\u00edt\u00e9s kezd\u0151dik \u00e9s innen mindenki szabad kezet kap:)\r\n\r\n\u00c9n kotta pap\u00edrt ragasztottam a tetej\u00e9re \u00e9s az alj\u00e1ra, de ehelyett b\u00e1rmi m\u00e1st is r\u00e1ragaszthatsz, ak\u00e1r festheted is. Ha pap\u00edrt ragasztasz, akkor ut\u00e1na az\u00e9rt v\u00e1gd k\u00f6rbe, hogy biztosan passzoljon. A kerek r\u00e9szekn\u00e9l is lehet alkalmazni ezt a f\u00fclecsk\u00e9s ragaszt\u00e1st, mint amit az alapn\u00e1l, csak \u00e9n lusta voltam, meg a v\u00e9g\u00e9n a pompom szalag \u00fagyis eltakarja.\r\n\r\nAzt\u00e1n j\u00f6n a henger pal\u00e1stja, amit megint tetsz\u00e9s szerint lehet bebor\u00edtani, nekem most ez a karton tetszett meg. A scrapbook kartonok k\u00f6z\u00f6tt nagyon sok sz\u00e9pet kapni, \u00e9rdemes ott k\u00f6r\u00fcln\u00e9zni! Amikor r\u00e1ragasztottad a pal\u00e1stra a kartont, egy zsin\u00f3rral \u00e9rdemes \u00e1tk\u00f6tni, am\u00edg megsz\u00e1rad, \u00edgy biztosan j\u00f3l tart majd.\r\n\r\n<a href=\"https:\/\/bardoczeva.cafeblog.hu\/files\/2013\/09\/IMG_1818.jpg\"><img class=\"alignnone size-medium wp-image-2159\" alt=\"IMG_1818\" src=\"https:\/\/bardoczeva.cafeblog.hu\/files\/2013\/09\/IMG_1818-199x300.jpg\" width=\"199\" height=\"300\" \/><\/a> <a href=\"https:\/\/bardoczeva.cafeblog.hu\/files\/2013\/09\/IMG_1819.jpg\"><img class=\"alignnone size-medium wp-image-2160\" alt=\"IMG_1819\" src=\"https:\/\/bardoczeva.cafeblog.hu\/files\/2013\/09\/IMG_1819-199x300.jpg\" width=\"199\" height=\"300\" \/><\/a>\r\n\r\nEzut\u00e1n j\u00f6n a ragaszt\u00f3pisztoly \u00e9s a d\u00edszszalag alul is, fel\u00fcl is.\r\n\r\nA dobver\u0151kh\u00f6z ragaszt\u00f3ba m\u00e1rtottam a fogpiszk\u00e1l\u00f3t \u00e9s a gy\u00f6ngy\u00f6t egyszer\u0171en csak r\u00e1h\u00faztam. A m\u00e1sik v\u00e9g\u00e9t lecs\u00edptem, mert egyr\u00e9szt hossz\u00fa, m\u00e1sr\u00e9szt hegyes.\r\n\r\n<a href=\"https:\/\/bardoczeva.cafeblog.hu\/files\/2013\/09\/IMG_1820.jpg\"><img class=\"alignnone size-medium wp-image-2161\" alt=\"IMG_1820\" src=\"https:\/\/bardoczeva.cafeblog.hu\/files\/2013\/09\/IMG_1820-199x300.jpg\" width=\"199\" height=\"300\" \/><\/a> <a href=\"https:\/\/bardoczeva.cafeblog.hu\/files\/2013\/09\/IMG_1822.jpg\"><img class=\"alignnone size-medium wp-image-2162\" alt=\"IMG_1822\" src=\"https:\/\/bardoczeva.cafeblog.hu\/files\/2013\/09\/IMG_1822-199x300.jpg\" width=\"199\" height=\"300\" \/><\/a>\r\n\r\nEgy nagyobb lyuk\u00fa t\u0171vel sz\u00e9pen elkezdem cikkcakkban v\u00e9gig \u00f6lteni az als\u00f3 \u00e9s a fels\u0151 szalagot, ez nagyon feldobja az eg\u00e9szet. Amikor k\u00f6rbe \u00e9rtem, r\u00e1k\u00f6t\u00f6ttem egy karik\u00e1t \u00e9s a dob r\u00e9sz j\u00f3form\u00e1n k\u00e9sz is, j\u00f6hetnek a dobver\u0151k. El\u0151sz\u00f6r is beragaszt\u00f3ztam a szabad v\u00e9g\u00e9t \u00e9s r\u00e1tekertem a zsin\u00f3rt, hogy eltakarjam azt a r\u00e9szt, amit lev\u00e1gtam \u00e9s nem t\u00fal sz\u00e9p, ezzel szint\u00e9n fel is dobom kicsit, jobban fog illeni a dobhoz.\r\n\r\n<a href=\"https:\/\/bardoczeva.cafeblog.hu\/files\/2013\/09\/IMG_1823.jpg\"><img class=\"alignnone size-medium wp-image-2163\" alt=\"IMG_1823\" src=\"https:\/\/bardoczeva.cafeblog.hu\/files\/2013\/09\/IMG_1823-199x300.jpg\" width=\"199\" height=\"300\" \/><\/a>\u00a0<a href=\"https:\/\/bardoczeva.cafeblog.hu\/files\/2013\/09\/IMG_1824.jpg\"><img class=\"alignnone size-medium wp-image-2164\" alt=\"IMG_1824\" src=\"https:\/\/bardoczeva.cafeblog.hu\/files\/2013\/09\/IMG_1824-199x300.jpg\" width=\"199\" height=\"300\" \/><\/a>\r\n\r\nAmikor ez megvolt, akkor nagyon v\u00e9kony dr\u00f3tb\u00f3l k\u00e9sz\u00edtettem k\u00e9t hurkot \u00e9s arra k\u00e9t szerel\u0151karik\u00e1t akasztva r\u00e1tettem a dobra, \u00edgy lett egy kis j\u00e1t\u00e9ka, nem fog olyan mereven l\u00f3gni mellette.\r\n\r\n<a href=\"https:\/\/bardoczeva.cafeblog.hu\/files\/2013\/09\/IMG_1825.jpg\"><img class=\"alignnone size-medium wp-image-2165\" alt=\"IMG_1825\" src=\"https:\/\/bardoczeva.cafeblog.hu\/files\/2013\/09\/IMG_1825-199x300.jpg\" width=\"199\" height=\"300\" \/><\/a> <a href=\"https:\/\/bardoczeva.cafeblog.hu\/files\/2013\/09\/IMG_1829.jpg\"><img class=\"alignnone size-medium wp-image-2166\" alt=\"IMG_1829\" src=\"https:\/\/bardoczeva.cafeblog.hu\/files\/2013\/09\/IMG_1829-199x300.jpg\" width=\"199\" height=\"300\" \/><\/a>\r\n\r\n&nbsp;\r\n\r\nJ\u00f6het egy akaszt\u00f3 \u00e9s k\u00e9sz is! Voil\u00e1, mehet a f\u00e1ra.\r\n\r\nVagy ahov\u00e1 sz\u00e1nj\u00e1tok...\r\n\r\n<a href=\"https:\/\/bardoczeva.cafeblog.hu\/2013\/09\/12\/hello-vilag\/\">ITT<\/a> egy m\u00e1sik verzi\u00f3t is tal\u00e1ltok, amit kor\u00e1bban k\u00e9sz\u00edtettem, arra az esetre, ha a pompomos t\u00e9ma kicsit sok lenne:)\r\n\r\n(A k\u00e9pek kattint\u00e1sra n\u0151nek!)\r\n\r\nMindenkinek sok sikert az elk\u00e9sz\u00edt\u00e9shez, megtiszteln\u00e9tek, ha megmutatn\u00e1tok, milyen dobok sz\u00fclettek!\r\n\r\n\u00d6lel\u00e9s:\r\n\r\n<a href=\"https:\/\/bardoczeva.cafeblog.hu\/files\/2013\/09\/byebye-copy.jpg\"><img class=\"alignnone size-full wp-image-2124\" alt=\"byebye copy\" src=\"https:\/\/bardoczeva.cafeblog.hu\/files\/2013\/09\/byebye-copy.jpg\" width=\"118\" height=\"94\" \/><\/a>","type":"rich"}